{"id":1712,"date":"2026-01-23T11:53:17","date_gmt":"2026-01-23T10:53:17","guid":{"rendered":"https:\/\/www.thrimor.at\/?page_id=1712"},"modified":"2026-01-23T13:01:02","modified_gmt":"2026-01-23T12:01:02","slug":"sommerfest-vii-flammenweihe","status":"publish","type":"page","link":"https:\/\/www.thrimor.at\/index.php\/events\/sommerfest-vii-flammenweihe\/","title":{"rendered":"Sommerfest VII\u00a0\u2013\u00a0Flammenweihe\u00a0"},"content":{"rendered":"\n<figure class=\"wp-block-image size-large\"><img loading=\"lazy\" decoding=\"async\" width=\"1024\" height=\"683\" src=\"https:\/\/www.thrimor.at\/wp-content\/uploads\/2026\/01\/MG_1716-1024x683.jpg\" alt=\"\" class=\"wp-image-1713\" srcset=\"https:\/\/www.thrimor.at\/wp-content\/uploads\/2026\/01\/MG_1716-1024x683.jpg 1024w, https:\/\/www.thrimor.at\/wp-content\/uploads\/2026\/01\/MG_1716-300x200.jpg 300w, https:\/\/www.thrimor.at\/wp-content\/uploads\/2026\/01\/MG_1716-768x512.jpg 768w, https:\/\/www.thrimor.at\/wp-content\/uploads\/2026\/01\/MG_1716-1536x1024.jpg 1536w, https:\/\/www.thrimor.at\/wp-content\/uploads\/2026\/01\/MG_1716-2048x1365.jpg 2048w\" sizes=\"auto, (max-width: 1024px) 100vw, 1024px\" \/><\/figure>\n\n\n\n<p>Liebe Freunde,&nbsp;<br>nach vielen Jahren feiern wir heuer wieder eine Flammenweihe,&nbsp;um&nbsp;Incendius,&nbsp;den Gott des Feuers&nbsp;und des Todes,&nbsp;zu feiern.&nbsp;<\/p>\n\n\n\n<p>Am Freitag treffen wir uns&nbsp;beim Schloss&nbsp;Hellbrunn&nbsp;und bekommen dort eine F\u00fchrung in den <a href=\"https:\/\/www.hellbrunn.at\/\" target=\"_blank\" rel=\"noreferrer noopener\">Wasserspielen<\/a>, bei der wir auch hinter die Kulissen&nbsp;schauen und etwas mehr sehen als der allgemeine Besucher.&nbsp;<\/p>\n\n\n\n<p>Danach fahren wir zur Katze&nbsp;(Veranstaltungsgel\u00e4nde)&nbsp;und machen uns einen&nbsp;sch\u00f6nen Abend.&nbsp;<\/p>\n\n\n\n<p>Am Samstag starten wir gem\u00fctlich in den Tag und gehen um 11:00&nbsp;intime.&nbsp;<\/p>\n\n\n\n<p>FEUEROPFER&nbsp;<\/p>\n\n\n\n<p>Im Laufe der Flammenweihe wird es au\u00dferdem Feueropfer an&nbsp;<a href=\"https:\/\/www.thrimor.at\/index.php\/hintergruende-it\/religionen\/\">Thrimors&nbsp;Feuer- und Totengott Incendius<\/a>&nbsp;geben. Solltest du daheim ausrangierte, nicht mehr sichere LARP-Waffen oder sonstige Dinge haben, die du eindrucksvoll den Flammen \u00fcbergeben willst, nimm die Sachen einfach mit! Besonders erw\u00e4hnt sei hier der&nbsp;Thrimorer&nbsp;Brauch, Holzt\u00e4felchen oder Holzp\u00fcppchen, in die ein Name eingraviert\/eingebrannt\/aufgeschrieben steht, eine geliebte Person nachgezeichnet o.\u00e4. worden ist, an die Flammen zu \u00fcbergeben. Es handelt sich dabei um eine symbolische Bestattung, entweder f\u00fcr gefallene Kameraden bzw. Angeh\u00f6rige, die nie ordentlich feuerbestattet werden konnten, oder aber als Best\u00e4tigung, sozusagen ein besonders intensives Gebet an&nbsp;Incendius, er m\u00f6ge die Seele gut bei sich aufnehmen. Wenn dein Charakter auch einen Angeh\u00f6rigen oder Gef\u00e4hrten hat, f\u00fcr dessen Seele er bitten m\u00f6chte, kannst du dir sehr gerne so ein St\u00fcck Holz vorbereiten! Je mehr von euch ihren Ahnen und Kameraden gedenken, desto eindrucksvoller wird das Ritual.&nbsp;<\/p>\n\n\n\n<p><strong>Wann<\/strong>&nbsp;<\/p>\n\n\n\n<p>10. &#8211; 12. Juli 2026\u00a0<\/p>\n\n\n\n<p>Freitag,&nbsp;10. Juli 16:45&nbsp;Treffpunkt&nbsp;Schloss&nbsp;Hellbrunn&nbsp;<br>F\u00fcr alle,&nbsp;die bei der F\u00fchrung nicht teilnehmen wollen: Wir sind vermutlich ab 18:30 wieder auf dem Gel\u00e4nde. Solltet ihr w\u00e4hrenddessen anreisen wollen, gebt uns bitte vorab Bescheid.&nbsp;<\/p>\n\n\n\n<p>19:30&nbsp;Abendessen&nbsp;<\/p>\n\n\n\n<p>Samstag,&nbsp;11. Juli&nbsp; ab 09:00 Check-in&nbsp;<\/p>\n\n\n\n<p>11:00 Time&nbsp;in&nbsp;<\/p>\n\n\n\n<p>Sonntag ab&nbsp;10:00 Abbau&nbsp;<\/p>\n\n\n\n<p><strong>Wo<\/strong>&nbsp;<\/p>\n\n\n\n<p><a href=\"https:\/\/maps.app.goo.gl\/P8m18vXXKaa1oWbD6\" target=\"_blank\" rel=\"noreferrer noopener\">Die Katze<\/a><br>M\u00f6nchsberg 12<br>5020 Salzburg<\/p>\n\n\n\n<p>F\u00fchrung Wasserspiele <a href=\"https:\/\/maps.app.goo.gl\/jeRduWg7FusmzjNz8\" target=\"_blank\" rel=\"noreferrer noopener\">Schloss&nbsp;Hellbrunn<\/a><br>F\u00fcrstenweg 37<br>5020 Salzburg<\/p>\n\n\n\n<p><strong>Verpflegung<\/strong>&nbsp;<\/p>\n\n\n\n<p>Essen und antialkoholische Getr\u00e4nke von Freitagabend bis inkl. Sonntagfr\u00fch sind inklusive. F\u00fcr alkoholische Getr\u00e4nke nimm bitte etwas Geld mit.&nbsp;<\/p>\n\n\n\n<p><strong>Kosten<\/strong>&nbsp;<\/p>\n\n\n\n<figure class=\"wp-block-table\"><table class=\"has-fixed-layout\"><tbody><tr><td><strong>F\u00fcr Vereinsmitglieder&nbsp;<\/strong><\/td><td><strong>Freitag mit F\u00fchrung&nbsp;<\/strong><\/td><td><strong>Freitag ohne F\u00fchrung&nbsp;<\/strong><\/td><td><strong>Samstag<\/strong>&nbsp;<\/td><\/tr><tr><td><strong>Anmeldung bis 10. Mai 2026&nbsp;<\/strong><\/td><td>55\u20ac&nbsp;<\/td><td>45\u20ac&nbsp;<\/td><td>30\u20ac&nbsp;<\/td><\/tr><tr><td><strong>Sp\u00e4tanmeldung bis 10. Juni 2026&nbsp;<\/strong><\/td><td>65\u20ac&nbsp;<\/td><td>55\u20ac&nbsp;<\/td><td>40\u20ac&nbsp;<\/td><\/tr><tr><td><strong>Vor-Ort-Anmeldung oder Barzahlung&nbsp;<\/strong><\/td><td colspan=\"3\">+10\u20ac&nbsp;<\/td><\/tr><tr><td colspan=\"4\">&nbsp;<\/td><\/tr><tr><td><strong>F\u00fcr Spieler&nbsp;<\/strong><\/td><td><strong>Freitag mit F\u00fchrung&nbsp;<\/strong><\/td><td><strong>Freitag ohne F\u00fchrung&nbsp;<\/strong><\/td><td><strong>Samstag<\/strong>&nbsp;<\/td><\/tr><tr><td><strong>Anmeldung bis 10. Mai 2026&nbsp;<\/strong><\/td><td>70\u20ac&nbsp;<\/td><td>55\u20ac&nbsp;<\/td><td>40\u20ac&nbsp;<\/td><\/tr><tr><td><strong>Sp\u00e4tanmeldung bis 10. Juni 2026&nbsp;<\/strong><\/td><td>80\u20ac&nbsp;<\/td><td>65\u20ac&nbsp;<\/td><td>50\u20ac&nbsp;<\/td><\/tr><tr><td><strong>Vor-Ort-Anmeldung oder Barzahlung&nbsp;<\/strong><\/td><td colspan=\"3\">+10\u20ac&nbsp;<\/td><\/tr><\/tbody><\/table><\/figure>\n\n\n\n<p>Wer vor oder w\u00e4hrend der Veranstaltung dem Verein beitritt, bekommt die Preisdifferenz zum Vereinsmitglied gutgeschrieben.&nbsp;<\/p>\n\n\n\n<p><strong>Unterkunft<\/strong>&nbsp;<\/p>\n\n\n\n<p>\u201e<a href=\"http:\/\/www.pfadfinder-treffpunkt.de\/include.php?path=tp_eintrag_bund_view.php&amp;index=2911\" target=\"_blank\" rel=\"noreferrer noopener\">Die Katze<\/a>\u201c, das Heim der Pfadfindergruppe Salzburg 2, liegt mitten in der Altstadt auf halben Weg zur Festung Hohen Salzburg. Obwohl in der Stadt gelegen ist sie im Gr\u00fcnen (Naturschutzgebiet), in altem Gem\u00e4uer auf historischem Grund (Schartentor) ca. 80m \u00fcber der Stadt) und bietet einen fantastischen Blick \u00fcber die Altstadt. Oberhalb des Gel\u00e4ndes thront die Festung Hohen Salzburg und bietet somit eine einmalige Kulisse.&nbsp;<\/p>\n\n\n\n<p>Wir werden vor Ort Zelte zum \u00dcbernachten aufstellen.&nbsp;<\/p>\n\n\n\n<p><strong>Anfahrt<\/strong>&nbsp;<\/p>\n\n\n\n<p>Da sich das Heim in der Fu\u00dfg\u00e4ngerzone befindet, ist die Zufahrt mit dem Auto nicht m\u00f6glich. Bei einer Anreise mit dem PKW kann dieses in der Altstadtparkgarage oder in Bereich&nbsp;Nonntaler&nbsp;Hauptstra\u00dfe und Nebenstra\u00dfen abgestellt werden. Geb\u00fchrenpflicht von Montag bis Freitag 9\u201319 Uhr, samstags bis zu 3 Stunden lang gratis parken, an Sonn- und Feiertagen gratis und ohne Zeitlimit.&nbsp;<\/p>\n\n\n\n<p>Eine Anreise mit Bussen ist bis zum Fu\u00dfe des M\u00f6nchsberg m\u00f6glich Vom Kapitelplatz (Festungsgasse) zur Katze kann die Festungsbahn den Aufstieg&nbsp;erleichtern (Dem Fahrer sagen, man m\u00f6chte bei der&nbsp;Mittelstation aussteigen.). Eine Talfahrt ist nicht m\u00f6glich.&nbsp;<\/p>\n\n\n\n<p>Taxis d\u00fcrfen bis zur Location zufahren.&nbsp;<\/p>\n\n\n\n<p><strong>Mitzubringen<\/strong>&nbsp;<\/p>\n\n\n\n<ul class=\"wp-block-list\">\n<li>Schlafsack und&nbsp;Unterlagsmatte\/Feldbett&nbsp;<\/li>\n\n\n\n<li>Pers\u00f6nliche Ausr\u00fcstung (ggf&nbsp;LARP-Waffen)&nbsp;<\/li>\n\n\n\n<li>Verschlie\u00dfbarer Essensbeh\u00e4lter (nicht IT-tauglich)&nbsp;<\/li>\n\n\n\n<li>Arbeitshandschuhe f\u00fcr die Auf- und Abbau Hilfen.&nbsp;<\/li>\n\n\n\n<li>Spa\u00df und gute Laune&nbsp;<\/li>\n<\/ul>\n\n\n\n<p>Empfehlenswert sind einigerma\u00dfen gute Schuhe f\u00fcr den kurzen Aufstieg von der Altstadt zur Location.&nbsp;<\/p>\n\n\n\n<h2 class=\"wp-block-heading\">Anmeldung<\/h2>\n\n\n\n<div class=\"wp-block-contact-form-7-contact-form-selector\">\n<div class=\"wpcf7 no-js\" id=\"wpcf7-f1716-o1\" lang=\"de-DE\" dir=\"ltr\" data-wpcf7-id=\"1716\">\n<div class=\"screen-reader-response\"><p role=\"status\" aria-live=\"polite\" aria-atomic=\"true\"><\/p> <ul><\/ul><\/div>\n<form action=\"\/index.php\/wp-json\/wp\/v2\/pages\/1712#wpcf7-f1716-o1\" method=\"post\" class=\"wpcf7-form init\" aria-label=\"Kontaktformular\" novalidate=\"novalidate\" data-status=\"init\">\n<fieldset class=\"hidden-fields-container\"><input type=\"hidden\" name=\"_wpcf7\" value=\"1716\" \/><input type=\"hidden\" name=\"_wpcf7_version\" value=\"6.1.2\" \/><input type=\"hidden\" name=\"_wpcf7_locale\" value=\"de_DE\" \/><input type=\"hidden\" name=\"_wpcf7_unit_tag\" value=\"wpcf7-f1716-o1\" \/><input type=\"hidden\" name=\"_wpcf7_container_post\" value=\"0\" \/><input type=\"hidden\" name=\"_wpcf7_posted_data_hash\" value=\"\" \/><input type=\"hidden\" name=\"_wpcf7_recaptcha_response\" value=\"\" \/>\n<\/fieldset>\n<input class=\"wpcf7-form-control wpcf7-hidden\" value=\"Sommerfest VII - Flammenweihe\" type=\"hidden\" name=\"event\" \/>\n<input class=\"wpcf7-form-control wpcf7-hidden\" value=\"10. - 12. Juli 2026\" type=\"hidden\" name=\"date\" \/>\n<p><label> <b>Tickettyp *<\/b><br \/>\n<span class=\"wpcf7-form-control-wrap\" data-name=\"ticket\"><select class=\"wpcf7-form-control wpcf7-select wpcf7-validates-as-required\" aria-required=\"true\" aria-invalid=\"false\" name=\"ticket\"><option value=\"\">&#8211; Bitte ausw\u00e4hlen &#8211;<\/option><option value=\"Vereinsmitglied\">Vereinsmitglied<\/option><option value=\"Gast\">Gast<\/option><\/select><\/span> <\/label>\n<\/p>\n<p><label> <b>Anreise *<\/b> <\/label><br \/>\n<span class=\"wpcf7-form-control-wrap\" data-name=\"arrival\"><span class=\"wpcf7-form-control wpcf7-radio\"><span class=\"wpcf7-list-item first\"><label><input type=\"radio\" name=\"arrival\" value=\"Ich reise am Freitag an und bin bei der F\u00fchrung mit dabei.\" checked=\"checked\" \/><span class=\"wpcf7-list-item-label\">Ich reise am Freitag an und bin bei der F\u00fchrung mit dabei.<\/span><\/label><\/span><span class=\"wpcf7-list-item\"><label><input type=\"radio\" name=\"arrival\" value=\"Ich reise am Freitag an und  bin bei der F\u00fchrung NICHT mit dabei.\" \/><span class=\"wpcf7-list-item-label\">Ich reise am Freitag an und  bin bei der F\u00fchrung NICHT mit dabei.<\/span><\/label><\/span><span class=\"wpcf7-list-item last\"><label><input type=\"radio\" name=\"arrival\" value=\"Ich reise am Samstag an.\" \/><span class=\"wpcf7-list-item-label\">Ich reise am Samstag an.<\/span><\/label><\/span><\/span><\/span>\n<\/p>\n<p><label> <b>Essgewohnheiten *<\/b> <\/label><br \/>\n<span class=\"wpcf7-form-control-wrap\" data-name=\"eating-habits\"><span class=\"wpcf7-form-control wpcf7-radio\"><span class=\"wpcf7-list-item first\"><label><input type=\"radio\" name=\"eating-habits\" value=\"Ich esse alles\" checked=\"checked\" \/><span class=\"wpcf7-list-item-label\">Ich esse alles<\/span><\/label><\/span><span class=\"wpcf7-list-item last\"><label><input type=\"radio\" name=\"eating-habits\" value=\"Ich esse kein Fleisch\" \/><span class=\"wpcf7-list-item-label\">Ich esse kein Fleisch<\/span><\/label><\/span><\/span><\/span>\n<\/p>\n<p><label> <b>\u00dcbernachtung *<\/b> <\/label><br \/>\n<span class=\"wpcf7-form-control-wrap\" data-name=\"overnight-stay\"><span class=\"wpcf7-form-control wpcf7-radio\"><span class=\"wpcf7-list-item first\"><label><input type=\"radio\" name=\"overnight-stay\" value=\"Ich \u00fcbernachte vor Ort\" checked=\"checked\" \/><span class=\"wpcf7-list-item-label\">Ich \u00fcbernachte vor Ort<\/span><\/label><\/span><span class=\"wpcf7-list-item last\"><label><input type=\"radio\" name=\"overnight-stay\" value=\"Ich brauche keinen Schlafplatz\" \/><span class=\"wpcf7-list-item-label\">Ich brauche keinen Schlafplatz<\/span><\/label><\/span><\/span><\/span>\n<\/p>\n<p><label> <b>Aufbau<\/b><br \/>\n<span class=\"wpcf7-form-control-wrap\" data-name=\"setup\"><span class=\"wpcf7-form-control wpcf7-checkbox\"><span class=\"wpcf7-list-item first last\"><label><input type=\"checkbox\" name=\"setup[]\" value=\"Ich kann am Freitag dem 10. Juli ab 11:00 beim Aufbau helfen.\" \/><span class=\"wpcf7-list-item-label\">Ich kann am Freitag dem 10. Juli ab 11:00 beim Aufbau helfen.<\/span><\/label><\/span><\/span><\/span> <\/label>\n<\/p>\n<p><label> <b>Abbau<\/b><br \/>\n<span class=\"wpcf7-form-control-wrap\" data-name=\"cleanup\"><span class=\"wpcf7-form-control wpcf7-checkbox\"><span class=\"wpcf7-list-item first last\"><label><input type=\"checkbox\" name=\"cleanup[]\" value=\"Ich kann am Sonntag dem 12. Juli ab ca. 10:00 beim Abbau helfen.\" \/><span class=\"wpcf7-list-item-label\">Ich kann am Sonntag dem 12. Juli ab ca. 10:00 beim Abbau helfen.<\/span><\/label><\/span><\/span><\/span> <\/label>\n<\/p>\n<p><label> <b>Tavernenkarten (\u20ac 10 pro St\u00fcck)<\/b><br \/>\nHinweis: Mit den Tavernenkarten werden alkoholische Getr\u00e4nke bezahlt.<br \/>\n<span class=\"wpcf7-form-control-wrap\" data-name=\"tavern-cards\"><input class=\"wpcf7-form-control wpcf7-number wpcf7-validates-as-number\" min=\"0\" max=\"10\" aria-invalid=\"false\" value=\"0\" type=\"number\" name=\"tavern-cards\" \/><\/span><br \/>\n<\/label>\n<\/p>\n<p><label> <b>Titel<\/b><br \/>\n<span class=\"wpcf7-form-control-wrap\" data-name=\"title\"><input size=\"40\" maxlength=\"400\" class=\"wpcf7-form-control wpcf7-text\" aria-invalid=\"false\" value=\"\" type=\"text\" name=\"title\" \/><\/span> <\/label>\n<\/p>\n<p><label> <b>Nachname *<\/b><br \/>\n<span class=\"wpcf7-form-control-wrap\" data-name=\"lastname\"><input size=\"40\" maxlength=\"400\" class=\"wpcf7-form-control wpcf7-text wpcf7-validates-as-required\" aria-required=\"true\" aria-invalid=\"false\" value=\"\" type=\"text\" name=\"lastname\" \/><\/span> <\/label>\n<\/p>\n<p><label> <b>Vorname *<\/b><br \/>\n<span class=\"wpcf7-form-control-wrap\" data-name=\"firstname\"><input size=\"40\" maxlength=\"400\" class=\"wpcf7-form-control wpcf7-text wpcf7-validates-as-required\" aria-required=\"true\" aria-invalid=\"false\" value=\"\" type=\"text\" name=\"firstname\" \/><\/span> <\/label>\n<\/p>\n<p><label> <b>Geburtsdatum *<\/b><br \/>\nBei unter 16 J\u00e4hrigen wird eine Aufsichtsperson ben\u00f6tigt.<br \/>\nBei 16 bis 18 J\u00e4hrigen wird die Zustimmung der Erziehungsberechtigten ben\u00f6tigt.<br \/>\n(entsprechende Formulare folgen bei Anmeldung)<br \/>\n<span class=\"wpcf7-form-control-wrap\" data-name=\"birthdate\"><input class=\"wpcf7-form-control wpcf7-date wpcf7-validates-as-required wpcf7-validates-as-date\" aria-required=\"true\" aria-invalid=\"false\" value=\"TT.MM.YYYY\" type=\"date\" name=\"birthdate\" \/><\/span> <\/label>\n<\/p>\n<p><label> <b>E-Mail-Adresse *<\/b><br \/>\n<span class=\"wpcf7-form-control-wrap\" data-name=\"email\"><input size=\"40\" maxlength=\"400\" class=\"wpcf7-form-control wpcf7-email wpcf7-validates-as-required wpcf7-text wpcf7-validates-as-email\" aria-required=\"true\" aria-invalid=\"false\" value=\"\" type=\"email\" name=\"email\" \/><\/span> <\/label>\n<\/p>\n<p><label style=\"float: left;\"> <b>Vorwahl<\/b><br \/>\n<span class=\"wpcf7-form-control-wrap\" data-name=\"phoneprefix\"><select class=\"wpcf7-form-control wpcf7-select\" aria-invalid=\"false\" name=\"phoneprefix\"><option value=\"+43\">+43<\/option><option value=\"+49\">+49<\/option><option value=\"+41\">+41<\/option><\/select><\/span> <\/label>\n<\/p>\n<p><label> <b>Telefon<\/b><br \/>\n<span class=\"wpcf7-form-control-wrap\" data-name=\"phone\"><input size=\"40\" maxlength=\"400\" class=\"wpcf7-form-control wpcf7-tel wpcf7-text wpcf7-validates-as-tel\" aria-invalid=\"false\" value=\"\" type=\"tel\" name=\"phone\" \/><\/span> <\/label>\n<\/p>\n<p><label> <b>Zusatzinfos<\/b><br \/>\n<span class=\"wpcf7-form-control-wrap\" data-name=\"additional-infos\"><span class=\"wpcf7-form-control wpcf7-checkbox\"><span class=\"wpcf7-list-item first last\"><label><input type=\"checkbox\" name=\"additional-infos[]\" value=\"Ich bin neu in Thrimor; bitte schickt mir zus\u00e4tzliche Infos.\" \/><span class=\"wpcf7-list-item-label\">Ich bin neu in Thrimor; bitte schickt mir zus\u00e4tzliche Infos.<\/span><\/label><\/span><\/span><\/span> <\/label>\n<\/p>\n<p><label> <b>Zus\u00e4tzliche Bemerkungen<\/b><br \/>\nWenn du m\u00f6chtest, kannst du uns hier auch \u00fcber Allergien, Unvertr\u00e4glichkeiten, Erkrankungen oder \u00e4hnliches informieren. Diese Informationen werden selbstverst\u00e4ndlich vertraulich behandelt.<br \/>\n<span class=\"wpcf7-form-control-wrap\" data-name=\"remarks\"><textarea cols=\"40\" rows=\"10\" maxlength=\"2000\" class=\"wpcf7-form-control wpcf7-textarea\" aria-invalid=\"false\" name=\"remarks\"><\/textarea><\/span> <\/label>\n<\/p>\n<p><span><b>* erforderlich<\/b><\/span>\n<\/p>\n<p>Nach der Anmeldung bekommt ihr von uns eine Rechnung.<br \/>\nSobald diese eingezahlt ist, seid ihr angemeldet.\n<\/p>\n<p><input class=\"wpcf7-form-control wpcf7-submit has-spinner\" type=\"submit\" value=\"Senden\" \/>\n<\/p><div class=\"wpcf7-response-output\" aria-hidden=\"true\"><\/div>\n<\/form>\n<\/div>\n<\/div>\n","protected":false},"excerpt":{"rendered":"<p>Liebe Freunde,&nbsp;nach vielen Jahren feiern wir heuer wieder eine Flammenweihe,&nbsp;um&nbsp;Incendius,&nbsp;den Gott des Feuers&nbsp;und des Todes,&nbsp;zu feiern.&nbsp; Am Freitag treffen wir uns&nbsp;beim Schloss&nbsp;Hellbrunn&nbsp;und bekommen dort eine F\u00fchrung in den Wasserspielen, bei der wir auch hinter die Kulissen&nbsp;schauen und etwas mehr sehen als der allgemeine Besucher.&nbsp; Danach fahren wir zur Katze&nbsp;(Veranstaltungsgel\u00e4nde)&nbsp;und machen uns einen&nbsp;sch\u00f6nen Abend.&nbsp; Am Samstag [&hellip;]<\/p>\n","protected":false},"author":1,"featured_media":0,"parent":85,"menu_order":67,"comment_status":"closed","ping_status":"closed","template":"","meta":{"om_disable_all_campaigns":false,"footnotes":""},"class_list":["post-1712","page","type-page","status-publish","hentry"],"yoast_head":"<!-- This site is optimized with the Yoast SEO plugin v26.1.1 - https:\/\/yoast.com\/wordpress\/plugins\/seo\/ -->\n<title>Sommerfest VII\u00a0\u2013\u00a0Flammenweihe\u00a0 - Thrimorer Garde<\/title>\n<meta name=\"robots\" content=\"index, follow, max-snippet:-1, max-image-preview:large, max-video-preview:-1\" \/>\n<link rel=\"canonical\" href=\"https:\/\/www.thrimor.at\/index.php\/events\/sommerfest-vii-flammenweihe\/\" \/>\n<meta property=\"og:locale\" content=\"de_DE\" \/>\n<meta property=\"og:type\" content=\"article\" \/>\n<meta property=\"og:title\" content=\"Sommerfest VII\u00a0\u2013\u00a0Flammenweihe\u00a0 - Thrimorer Garde\" \/>\n<meta property=\"og:description\" content=\"Liebe Freunde,&nbsp;nach vielen Jahren feiern wir heuer wieder eine Flammenweihe,&nbsp;um&nbsp;Incendius,&nbsp;den Gott des Feuers&nbsp;und des Todes,&nbsp;zu feiern.&nbsp; Am Freitag treffen wir uns&nbsp;beim Schloss&nbsp;Hellbrunn&nbsp;und bekommen dort eine F\u00fchrung in den Wasserspielen, bei der wir auch hinter die Kulissen&nbsp;schauen und etwas mehr sehen als der allgemeine Besucher.&nbsp; Danach fahren wir zur Katze&nbsp;(Veranstaltungsgel\u00e4nde)&nbsp;und machen uns einen&nbsp;sch\u00f6nen Abend.&nbsp; Am Samstag [&hellip;]\" \/>\n<meta property=\"og:url\" content=\"https:\/\/www.thrimor.at\/index.php\/events\/sommerfest-vii-flammenweihe\/\" \/>\n<meta property=\"og:site_name\" content=\"Thrimorer Garde\" \/>\n<meta property=\"article:modified_time\" content=\"2026-01-23T12:01:02+00:00\" \/>\n<meta property=\"og:image\" content=\"https:\/\/www.thrimor.at\/wp-content\/uploads\/2026\/01\/MG_1716-scaled.jpg\" \/>\n\t<meta property=\"og:image:width\" content=\"2560\" \/>\n\t<meta property=\"og:image:height\" content=\"1707\" \/>\n\t<meta property=\"og:image:type\" content=\"image\/jpeg\" \/>\n<meta name=\"twitter:card\" content=\"summary_large_image\" \/>\n<script type=\"application\/ld+json\" class=\"yoast-schema-graph\">{\"@context\":\"https:\/\/schema.org\",\"@graph\":[{\"@type\":\"WebPage\",\"@id\":\"https:\/\/www.thrimor.at\/index.php\/events\/sommerfest-vii-flammenweihe\/\",\"url\":\"https:\/\/www.thrimor.at\/index.php\/events\/sommerfest-vii-flammenweihe\/\",\"name\":\"Sommerfest VII\u00a0\u2013\u00a0Flammenweihe\u00a0 - Thrimorer Garde\",\"isPartOf\":{\"@id\":\"https:\/\/www.thrimor.at\/#website\"},\"primaryImageOfPage\":{\"@id\":\"https:\/\/www.thrimor.at\/index.php\/events\/sommerfest-vii-flammenweihe\/#primaryimage\"},\"image\":{\"@id\":\"https:\/\/www.thrimor.at\/index.php\/events\/sommerfest-vii-flammenweihe\/#primaryimage\"},\"thumbnailUrl\":\"https:\/\/www.thrimor.at\/wp-content\/uploads\/2026\/01\/MG_1716-1024x683.jpg\",\"datePublished\":\"2026-01-23T10:53:17+00:00\",\"dateModified\":\"2026-01-23T12:01:02+00:00\",\"breadcrumb\":{\"@id\":\"https:\/\/www.thrimor.at\/index.php\/events\/sommerfest-vii-flammenweihe\/#breadcrumb\"},\"inLanguage\":\"de\",\"potentialAction\":[{\"@type\":\"ReadAction\",\"target\":[\"https:\/\/www.thrimor.at\/index.php\/events\/sommerfest-vii-flammenweihe\/\"]}]},{\"@type\":\"ImageObject\",\"inLanguage\":\"de\",\"@id\":\"https:\/\/www.thrimor.at\/index.php\/events\/sommerfest-vii-flammenweihe\/#primaryimage\",\"url\":\"https:\/\/www.thrimor.at\/wp-content\/uploads\/2026\/01\/MG_1716-scaled.jpg\",\"contentUrl\":\"https:\/\/www.thrimor.at\/wp-content\/uploads\/2026\/01\/MG_1716-scaled.jpg\",\"width\":2560,\"height\":1707},{\"@type\":\"BreadcrumbList\",\"@id\":\"https:\/\/www.thrimor.at\/index.php\/events\/sommerfest-vii-flammenweihe\/#breadcrumb\",\"itemListElement\":[{\"@type\":\"ListItem\",\"position\":1,\"name\":\"Home\",\"item\":\"https:\/\/www.thrimor.at\/\"},{\"@type\":\"ListItem\",\"position\":2,\"name\":\"Events\",\"item\":\"https:\/\/www.thrimor.at\/index.php\/events\/\"},{\"@type\":\"ListItem\",\"position\":3,\"name\":\"Sommerfest VII\u00a0\u2013\u00a0Flammenweihe\u00a0\"}]},{\"@type\":\"WebSite\",\"@id\":\"https:\/\/www.thrimor.at\/#website\",\"url\":\"https:\/\/www.thrimor.at\/\",\"name\":\"Thrimorer Garde\",\"description\":\"Eine engagierte LARP-Community aus Salzburg\",\"potentialAction\":[{\"@type\":\"SearchAction\",\"target\":{\"@type\":\"EntryPoint\",\"urlTemplate\":\"https:\/\/www.thrimor.at\/?s={search_term_string}\"},\"query-input\":{\"@type\":\"PropertyValueSpecification\",\"valueRequired\":true,\"valueName\":\"search_term_string\"}}],\"inLanguage\":\"de\"}]}<\/script>\n<!-- \/ Yoast SEO plugin. -->","yoast_head_json":{"title":"Sommerfest VII\u00a0\u2013\u00a0Flammenweihe\u00a0 - Thrimorer Garde","robots":{"index":"index","follow":"follow","max-snippet":"max-snippet:-1","max-image-preview":"max-image-preview:large","max-video-preview":"max-video-preview:-1"},"canonical":"https:\/\/www.thrimor.at\/index.php\/events\/sommerfest-vii-flammenweihe\/","og_locale":"de_DE","og_type":"article","og_title":"Sommerfest VII\u00a0\u2013\u00a0Flammenweihe\u00a0 - Thrimorer Garde","og_description":"Liebe Freunde,&nbsp;nach vielen Jahren feiern wir heuer wieder eine Flammenweihe,&nbsp;um&nbsp;Incendius,&nbsp;den Gott des Feuers&nbsp;und des Todes,&nbsp;zu feiern.&nbsp; Am Freitag treffen wir uns&nbsp;beim Schloss&nbsp;Hellbrunn&nbsp;und bekommen dort eine F\u00fchrung in den Wasserspielen, bei der wir auch hinter die Kulissen&nbsp;schauen und etwas mehr sehen als der allgemeine Besucher.&nbsp; Danach fahren wir zur Katze&nbsp;(Veranstaltungsgel\u00e4nde)&nbsp;und machen uns einen&nbsp;sch\u00f6nen Abend.&nbsp; Am Samstag [&hellip;]","og_url":"https:\/\/www.thrimor.at\/index.php\/events\/sommerfest-vii-flammenweihe\/","og_site_name":"Thrimorer Garde","article_modified_time":"2026-01-23T12:01:02+00:00","og_image":[{"width":2560,"height":1707,"url":"https:\/\/www.thrimor.at\/wp-content\/uploads\/2026\/01\/MG_1716-scaled.jpg","type":"image\/jpeg"}],"twitter_card":"summary_large_image","schema":{"@context":"https:\/\/schema.org","@graph":[{"@type":"WebPage","@id":"https:\/\/www.thrimor.at\/index.php\/events\/sommerfest-vii-flammenweihe\/","url":"https:\/\/www.thrimor.at\/index.php\/events\/sommerfest-vii-flammenweihe\/","name":"Sommerfest VII\u00a0\u2013\u00a0Flammenweihe\u00a0 - Thrimorer Garde","isPartOf":{"@id":"https:\/\/www.thrimor.at\/#website"},"primaryImageOfPage":{"@id":"https:\/\/www.thrimor.at\/index.php\/events\/sommerfest-vii-flammenweihe\/#primaryimage"},"image":{"@id":"https:\/\/www.thrimor.at\/index.php\/events\/sommerfest-vii-flammenweihe\/#primaryimage"},"thumbnailUrl":"https:\/\/www.thrimor.at\/wp-content\/uploads\/2026\/01\/MG_1716-1024x683.jpg","datePublished":"2026-01-23T10:53:17+00:00","dateModified":"2026-01-23T12:01:02+00:00","breadcrumb":{"@id":"https:\/\/www.thrimor.at\/index.php\/events\/sommerfest-vii-flammenweihe\/#breadcrumb"},"inLanguage":"de","potentialAction":[{"@type":"ReadAction","target":["https:\/\/www.thrimor.at\/index.php\/events\/sommerfest-vii-flammenweihe\/"]}]},{"@type":"ImageObject","inLanguage":"de","@id":"https:\/\/www.thrimor.at\/index.php\/events\/sommerfest-vii-flammenweihe\/#primaryimage","url":"https:\/\/www.thrimor.at\/wp-content\/uploads\/2026\/01\/MG_1716-scaled.jpg","contentUrl":"https:\/\/www.thrimor.at\/wp-content\/uploads\/2026\/01\/MG_1716-scaled.jpg","width":2560,"height":1707},{"@type":"BreadcrumbList","@id":"https:\/\/www.thrimor.at\/index.php\/events\/sommerfest-vii-flammenweihe\/#breadcrumb","itemListElement":[{"@type":"ListItem","position":1,"name":"Home","item":"https:\/\/www.thrimor.at\/"},{"@type":"ListItem","position":2,"name":"Events","item":"https:\/\/www.thrimor.at\/index.php\/events\/"},{"@type":"ListItem","position":3,"name":"Sommerfest VII\u00a0\u2013\u00a0Flammenweihe\u00a0"}]},{"@type":"WebSite","@id":"https:\/\/www.thrimor.at\/#website","url":"https:\/\/www.thrimor.at\/","name":"Thrimorer Garde","description":"Eine engagierte LARP-Community aus Salzburg","potentialAction":[{"@type":"SearchAction","target":{"@type":"EntryPoint","urlTemplate":"https:\/\/www.thrimor.at\/?s={search_term_string}"},"query-input":{"@type":"PropertyValueSpecification","valueRequired":true,"valueName":"search_term_string"}}],"inLanguage":"de"}]}},"jetpack_sharing_enabled":true,"_links":{"self":[{"href":"https:\/\/www.thrimor.at\/index.php\/wp-json\/wp\/v2\/pages\/1712","targetHints":{"allow":["GET"]}}],"collection":[{"href":"https:\/\/www.thrimor.at\/index.php\/wp-json\/wp\/v2\/pages"}],"about":[{"href":"https:\/\/www.thrimor.at\/index.php\/wp-json\/wp\/v2\/types\/page"}],"author":[{"embeddable":true,"href":"https:\/\/www.thrimor.at\/index.php\/wp-json\/wp\/v2\/users\/1"}],"replies":[{"embeddable":true,"href":"https:\/\/www.thrimor.at\/index.php\/wp-json\/wp\/v2\/comments?post=1712"}],"version-history":[{"count":4,"href":"https:\/\/www.thrimor.at\/index.php\/wp-json\/wp\/v2\/pages\/1712\/revisions"}],"predecessor-version":[{"id":1720,"href":"https:\/\/www.thrimor.at\/index.php\/wp-json\/wp\/v2\/pages\/1712\/revisions\/1720"}],"up":[{"embeddable":true,"href":"https:\/\/www.thrimor.at\/index.php\/wp-json\/wp\/v2\/pages\/85"}],"wp:attachment":[{"href":"https:\/\/www.thrimor.at\/index.php\/wp-json\/wp\/v2\/media?parent=1712"}],"curies":[{"name":"wp","href":"https:\/\/api.w.org\/{rel}","templated":true}]}}